{"id":9460,"date":"2016-08-30T19:28:23","date_gmt":"2016-08-30T19:28:23","guid":{"rendered":"http:\/\/www.mc2e.pt\/en\/clientes\/"},"modified":"2018-07-31T14:22:40","modified_gmt":"2018-07-31T14:22:40","slug":"clients","status":"publish","type":"page","link":"https:\/\/www.mc2e.pt\/en\/clients\/","title":{"rendered":"Clients"},"content":{"rendered":"<p>[vc_row][vc_column]<div class=\"ult-spacer spacer-69f52530c450f\" data-id=\"69f52530c450f\" data-height=\"10\" data-height-mobile=\"10\" data-height-tab=\"10\" data-height-tab-portrait=\"\" data-height-mobile-landscape=\"\" style=\"clear:both;display:block;\"><\/div>[\/vc_column][\/vc_row][vc_row][vc_column width=&#8221;1\/4&#8243;][vc_custom_heading text=&#8221;\u00c1guas do Douro e Paiva<\/p>\n<hr \/>\n<p>&#8221; font_container=&#8221;tag:h4|text_align:center&#8221; use_theme_fonts=&#8221;yes&#8221;][\/vc_column][vc_column width=&#8221;1\/4&#8243;][vc_custom_heading text=&#8221;\u00c1guas de Portugal<\/p>\n<hr \/>\n<p>&#8221; font_container=&#8221;tag:h4|text_align:center&#8221; use_theme_fonts=&#8221;yes&#8221;][\/vc_column][vc_column width=&#8221;1\/4&#8243;][vc_custom_heading text=&#8221;\u00c1guas do Nordeste<\/p>\n<hr \/>\n<p>&#8221; font_container=&#8221;tag:h4|text_align:center&#8221; use_theme_fonts=&#8221;yes&#8221;][\/vc_column][vc_column width=&#8221;1\/4&#8243;][vc_custom_heading text=&#8221;\u00c1guas do Porto<\/p>\n<hr \/>\n<p>&#8221; font_container=&#8221;tag:h4|text_align:center&#8221; use_theme_fonts=&#8221;yes&#8221;][\/vc_column][\/vc_row][vc_row][vc_column width=&#8221;1\/4&#8243;][vc_custom_heading text=&#8221;\u00c1guas de Gaia<\/p>\n<hr \/>\n<p>&#8221; font_container=&#8221;tag:h4|text_align:center&#8221; use_theme_fonts=&#8221;yes&#8221;][\/vc_column][vc_column width=&#8221;1\/4&#8243;][vc_custom_heading text=&#8221;Administra\u00e7\u00e3o dos Portos do Douro e Leix\u00f5es<\/p>\n<hr \/>\n<p>&#8221; font_container=&#8221;tag:h4|text_align:center&#8221; use_theme_fonts=&#8221;yes&#8221;][\/vc_column][vc_column width=&#8221;1\/4&#8243;][vc_custom_heading text=&#8221;Administra\u00e7\u00e3o do Porto de Viana do Castelo<\/p>\n<hr \/>\n<p>&#8221; font_container=&#8221;tag:h4|text_align:center&#8221; use_theme_fonts=&#8221;yes&#8221;][\/vc_column][vc_column width=&#8221;1\/4&#8243;][vc_custom_heading text=&#8221;C\u00c2MARA MUNICIPAL DE LISBOA<\/p>\n<hr \/>\n<p>&#8221; font_container=&#8221;tag:h4|text_align:center&#8221; use_theme_fonts=&#8221;yes&#8221;][\/vc_column][\/vc_row][vc_row][vc_column width=&#8221;1\/4&#8243;][vc_custom_heading text=&#8221;C\u00e2mara Municipal de Montemor-o-Velho<\/p>\n<hr \/>\n<p>&#8221; font_container=&#8221;tag:h4|text_align:center&#8221; use_theme_fonts=&#8221;yes&#8221;][\/vc_column][vc_column width=&#8221;1\/4&#8243;][vc_custom_heading text=&#8221;C\u00e2mara Municipal de Condeixa-a-Nova<\/p>\n<hr \/>\n<p>&#8221; font_container=&#8221;tag:h4|text_align:center&#8221; use_theme_fonts=&#8221;yes&#8221;][\/vc_column][vc_column width=&#8221;1\/4&#8243;][vc_custom_heading text=&#8221;C\u00e2mara Municipal da Mealhada<\/p>\n<hr \/>\n<p>&#8221; font_container=&#8221;tag:h4|text_align:center&#8221; use_theme_fonts=&#8221;yes&#8221;][\/vc_column][vc_column width=&#8221;1\/4&#8243;][vc_custom_heading text=&#8221;CENTRO HOSPITALAR DO PORTO<\/p>\n<hr \/>\n<p>&#8221; font_container=&#8221;tag:h4|text_align:center&#8221; use_theme_fonts=&#8221;yes&#8221;][\/vc_column][\/vc_row][vc_row][vc_column width=&#8221;1\/4&#8243;][vc_custom_heading text=&#8221;Grupo MRG<\/p>\n<hr \/>\n<p>&#8221; font_container=&#8221;tag:h4|text_align:center&#8221; use_theme_fonts=&#8221;yes&#8221;][\/vc_column][vc_column width=&#8221;1\/4&#8243;][vc_custom_heading text=&#8221;Centro Hospitalar do Alto Minho<\/p>\n<hr \/>\n<p>&#8221; font_container=&#8221;tag:h4|text_align:center&#8221; use_theme_fonts=&#8221;yes&#8221;][\/vc_column][vc_column width=&#8221;1\/4&#8243;][vc_custom_heading text=&#8221;CONSTRUTORA SAN JOS\u00c9<\/p>\n<hr \/>\n<p>&#8221; font_container=&#8221;tag:h4|text_align:center&#8221; use_theme_fonts=&#8221;yes&#8221;][\/vc_column][vc_column width=&#8221;1\/4&#8243;][vc_custom_heading text=&#8221;DRAGADOS Y CONSTRUCCIONES<\/p>\n<hr \/>\n<p>&#8221; font_container=&#8221;tag:h4|text_align:center&#8221; use_theme_fonts=&#8221;yes&#8221;][\/vc_column][\/vc_row][vc_row][vc_column width=&#8221;1\/4&#8243;][vc_custom_heading text=&#8221;CMPH DomusSocial<\/p>\n<hr \/>\n<p>&#8221; font_container=&#8221;tag:h4|text_align:center&#8221; use_theme_fonts=&#8221;yes&#8221;][\/vc_column][vc_column width=&#8221;1\/4&#8243;][vc_custom_heading text=&#8221;EPAL, Empresa Portuguesa de Aguas Livres<\/p>\n<hr \/>\n<p>&#8221; font_container=&#8221;tag:h4|text_align:center&#8221; use_theme_fonts=&#8221;yes&#8221;][\/vc_column][vc_column width=&#8221;1\/4&#8243;][vc_custom_heading text=&#8221;ESTAMO, Participa\u00e7\u00f5es Imobili\u00e1rias<\/p>\n<hr \/>\n<p>&#8221; font_container=&#8221;tag:h4|text_align:center&#8221; use_theme_fonts=&#8221;yes&#8221;][\/vc_column][vc_column width=&#8221;1\/4&#8243;][vc_custom_heading text=&#8221;FCC, Fomento de Construcciones y Contratas<\/p>\n<hr \/>\n<p>&#8221; font_container=&#8221;tag:h4|text_align:center&#8221; use_theme_fonts=&#8221;yes&#8221;][\/vc_column][\/vc_row][vc_row][vc_column width=&#8221;1\/4&#8243;][vc_custom_heading text=&#8221;FUNDA\u00c7\u00c3O DE SERRALVES<\/p>\n<hr \/>\n<p>&#8221; font_container=&#8221;tag:h4|text_align:center&#8221; use_theme_fonts=&#8221;yes&#8221;][\/vc_column][vc_column width=&#8221;1\/4&#8243;][vc_custom_heading text=&#8221;GOP \u2013 Gest\u00e3o de Obras P\u00fablicas da Camara do Porto<\/p>\n<hr \/>\n<p>&#8221; font_container=&#8221;tag:h4|text_align:center&#8221; use_theme_fonts=&#8221;yes&#8221;][\/vc_column][vc_column width=&#8221;1\/4&#8243;][vc_custom_heading text=&#8221;CONDURIL \u2013 Construtora Duriense<\/p>\n<hr \/>\n<p>&#8221; font_container=&#8221;tag:h4|text_align:center&#8221; use_theme_fonts=&#8221;yes&#8221;][\/vc_column][vc_column width=&#8221;1\/4&#8243;][vc_custom_heading text=&#8221;Grupo Elevo<\/p>\n<hr \/>\n<p>&#8221; font_container=&#8221;tag:h4|text_align:center&#8221; use_theme_fonts=&#8221;yes&#8221;][\/vc_column][\/vc_row][vc_row][vc_column width=&#8221;1\/4&#8243;][vc_custom_heading text=&#8221;Infraestruturas de Portugal<\/p>\n<hr \/>\n<p>&#8221; font_container=&#8221;tag:h4|text_align:center&#8221; use_theme_fonts=&#8221;yes&#8221;][\/vc_column][vc_column width=&#8221;1\/4&#8243;][vc_custom_heading text=&#8221;INSTITUTO POLIT\u00c9CNICO DO PORTO<\/p>\n<hr \/>\n<p>&#8221; font_container=&#8221;tag:h4|text_align:center&#8221; use_theme_fonts=&#8221;yes&#8221;][\/vc_column][vc_column width=&#8221;1\/4&#8243;][vc_custom_heading text=&#8221;LENA ENGENHARIA E CONSTRU\u00c7\u00d5ES<\/p>\n<hr \/>\n<p>&#8221; font_container=&#8221;tag:h4|text_align:center&#8221; use_theme_fonts=&#8221;yes&#8221;][\/vc_column][vc_column width=&#8221;1\/4&#8243;][vc_custom_heading text=&#8221;METRO DO PORTO<\/p>\n<hr \/>\n<p>&#8221; font_container=&#8221;tag:h4|text_align:center&#8221; use_theme_fonts=&#8221;yes&#8221;][\/vc_column][\/vc_row][vc_row][vc_column width=&#8221;1\/4&#8243;][vc_custom_heading text=&#8221;Odebrecht&#8221; font_container=&#8221;tag:h4|text_align:center&#8221; use_theme_fonts=&#8221;yes&#8221;][\/vc_column][vc_column width=&#8221;1\/4&#8243;][vc_custom_heading text=&#8221;RAMALHO ROSA COBETAR, Sociedade de Constru\u00e7\u00f5es&#8221; font_container=&#8221;tag:h4|text_align:center&#8221; use_theme_fonts=&#8221;yes&#8221;][\/vc_column][vc_column width=&#8221;1\/4&#8243;][vc_custom_heading text=&#8221;SIMI, Sociedade Internacional de Montagens Industriais&#8221; font_container=&#8221;tag:h4|text_align:center&#8221; use_theme_fonts=&#8221;yes&#8221;][\/vc_column][vc_column width=&#8221;1\/4&#8243;][vc_custom_heading text=&#8221;TOMAS DE OLIVEIRA&#8221; font_container=&#8221;tag:h4|text_align:center&#8221; use_theme_fonts=&#8221;yes&#8221;][\/vc_column][\/vc_row]<\/p>\n","protected":false},"excerpt":{"rendered":"<p>[vc_row][vc_column][\/vc_column][\/vc_row][vc_row][vc_column width=&#8221;1\/4&#8243;][vc_custom_heading text=&#8221;\u00c1guas do Douro e Paiva &#8221; font_container=&#8221;tag:h4|text_align:center&#8221; use_theme_fonts=&#8221;yes&#8221;][\/vc_column][vc_column width=&#8221;1\/4&#8243;][vc_custom_heading text=&#8221;\u00c1guas de Portugal &#8221; font_container=&#8221;tag:h4|text_align:center&#8221; use_theme_fonts=&#8221;yes&#8221;][\/vc_column][vc_column width=&#8221;1\/4&#8243;][vc_custom_heading text=&#8221;\u00c1guas do Nordeste &#8221; font_container=&#8221;tag:h4|text_align:center&#8221; use_theme_fonts=&#8221;yes&#8221;][\/vc_column][vc_column width=&#8221;1\/4&#8243;][vc_custom_heading text=&#8221;\u00c1guas do Porto &#8221; font_container=&#8221;tag:h4|text_align:center&#8221; use_theme_fonts=&#8221;yes&#8221;][\/vc_column][\/vc_row][vc_row][vc_column width=&#8221;1\/4&#8243;][vc_custom_heading text=&#8221;\u00c1guas de Gaia &#8221; font_container=&#8221;tag:h4|text_align:center&#8221; use_theme_fonts=&#8221;yes&#8221;][\/vc_column][vc_column width=&#8221;1\/4&#8243;][vc_custom_heading text=&#8221;Administra\u00e7\u00e3o dos Portos do Douro e Leix\u00f5es &#8221; font_container=&#8221;tag:h4|text_align:center&#8221; use_theme_fonts=&#8221;yes&#8221;][\/vc_column][vc_column width=&#8221;1\/4&#8243;][vc_custom_heading text=&#8221;Administra\u00e7\u00e3o do Porto de Viana [&hellip;]<\/p>\n","protected":false},"author":1,"featured_media":0,"parent":0,"menu_order":0,"comment_status":"closed","ping_status":"closed","template":"","meta":[],"yoast_head":"<!-- This site is optimized with the Yoast SEO plugin v20.2.1 - https:\/\/yoast.com\/wordpress\/plugins\/seo\/ -->\n<title>Clients - mc2e<\/title>\n<meta name=\"robots\" content=\"index, follow, max-snippet:-1, max-image-preview:large, max-video-preview:-1\" \/>\n<link rel=\"canonical\" href=\"https:\/\/www.mc2e.pt\/en\/clients\/\" \/>\n<meta property=\"og:locale\" content=\"en_US\" \/>\n<meta property=\"og:type\" content=\"article\" \/>\n<meta property=\"og:title\" content=\"Clients - mc2e\" \/>\n<meta property=\"og:description\" content=\"[vc_row][vc_column][\/vc_column][\/vc_row][vc_row][vc_column width=&#8221;1\/4&#8243;][vc_custom_heading text=&#8221;\u00c1guas do Douro e Paiva &#8221; font_container=&#8221;tag:h4|text_align:center&#8221; use_theme_fonts=&#8221;yes&#8221;][\/vc_column][vc_column width=&#8221;1\/4&#8243;][vc_custom_heading text=&#8221;\u00c1guas de Portugal &#8221; font_container=&#8221;tag:h4|text_align:center&#8221; use_theme_fonts=&#8221;yes&#8221;][\/vc_column][vc_column width=&#8221;1\/4&#8243;][vc_custom_heading text=&#8221;\u00c1guas do Nordeste &#8221; font_container=&#8221;tag:h4|text_align:center&#8221; use_theme_fonts=&#8221;yes&#8221;][\/vc_column][vc_column width=&#8221;1\/4&#8243;][vc_custom_heading text=&#8221;\u00c1guas do Porto &#8221; font_container=&#8221;tag:h4|text_align:center&#8221; use_theme_fonts=&#8221;yes&#8221;][\/vc_column][\/vc_row][vc_row][vc_column width=&#8221;1\/4&#8243;][vc_custom_heading text=&#8221;\u00c1guas de Gaia &#8221; font_container=&#8221;tag:h4|text_align:center&#8221; use_theme_fonts=&#8221;yes&#8221;][\/vc_column][vc_column width=&#8221;1\/4&#8243;][vc_custom_heading text=&#8221;Administra\u00e7\u00e3o dos Portos do Douro e Leix\u00f5es &#8221; font_container=&#8221;tag:h4|text_align:center&#8221; use_theme_fonts=&#8221;yes&#8221;][\/vc_column][vc_column width=&#8221;1\/4&#8243;][vc_custom_heading text=&#8221;Administra\u00e7\u00e3o do Porto de Viana [&hellip;]\" \/>\n<meta property=\"og:url\" content=\"https:\/\/www.mc2e.pt\/en\/clients\/\" \/>\n<meta property=\"og:site_name\" content=\"mc2e\" \/>\n<meta property=\"article:modified_time\" content=\"2018-07-31T14:22:40+00:00\" \/>\n<meta name=\"twitter:card\" content=\"summary_large_image\" \/>\n<meta name=\"twitter:label1\" content=\"Est. reading time\" \/>\n\t<meta name=\"twitter:data1\" content=\"4 minutes\" \/>\n<script type=\"application\/ld+json\" class=\"yoast-schema-graph\">{\"@context\":\"https:\/\/schema.org\",\"@graph\":[{\"@type\":\"WebPage\",\"@id\":\"https:\/\/www.mc2e.pt\/en\/clients\/\",\"url\":\"https:\/\/www.mc2e.pt\/en\/clients\/\",\"name\":\"Clients - mc2e\",\"isPartOf\":{\"@id\":\"https:\/\/www.mc2e.pt\/#website\"},\"datePublished\":\"2016-08-30T19:28:23+00:00\",\"dateModified\":\"2018-07-31T14:22:40+00:00\",\"breadcrumb\":{\"@id\":\"https:\/\/www.mc2e.pt\/en\/clients\/#breadcrumb\"},\"inLanguage\":\"en-US\",\"potentialAction\":[{\"@type\":\"ReadAction\",\"target\":[\"https:\/\/www.mc2e.pt\/en\/clients\/\"]}]},{\"@type\":\"BreadcrumbList\",\"@id\":\"https:\/\/www.mc2e.pt\/en\/clients\/#breadcrumb\",\"itemListElement\":[{\"@type\":\"ListItem\",\"position\":1,\"name\":\"In\u00edcio\",\"item\":\"https:\/\/www.mc2e.pt\/en\/\"},{\"@type\":\"ListItem\",\"position\":2,\"name\":\"Clients\"}]},{\"@type\":\"WebSite\",\"@id\":\"https:\/\/www.mc2e.pt\/#website\",\"url\":\"https:\/\/www.mc2e.pt\/\",\"name\":\"mc2e\",\"description\":\"Consultores de Engenharia\",\"potentialAction\":[{\"@type\":\"SearchAction\",\"target\":{\"@type\":\"EntryPoint\",\"urlTemplate\":\"https:\/\/www.mc2e.pt\/?s={search_term_string}\"},\"query-input\":\"required name=search_term_string\"}],\"inLanguage\":\"en-US\"}]}<\/script>\n<!-- \/ Yoast SEO plugin. -->","yoast_head_json":{"title":"Clients - mc2e","robots":{"index":"index","follow":"follow","max-snippet":"max-snippet:-1","max-image-preview":"max-image-preview:large","max-video-preview":"max-video-preview:-1"},"canonical":"https:\/\/www.mc2e.pt\/en\/clients\/","og_locale":"en_US","og_type":"article","og_title":"Clients - mc2e","og_description":"[vc_row][vc_column][\/vc_column][\/vc_row][vc_row][vc_column width=&#8221;1\/4&#8243;][vc_custom_heading text=&#8221;\u00c1guas do Douro e Paiva &#8221; font_container=&#8221;tag:h4|text_align:center&#8221; use_theme_fonts=&#8221;yes&#8221;][\/vc_column][vc_column width=&#8221;1\/4&#8243;][vc_custom_heading text=&#8221;\u00c1guas de Portugal &#8221; font_container=&#8221;tag:h4|text_align:center&#8221; use_theme_fonts=&#8221;yes&#8221;][\/vc_column][vc_column width=&#8221;1\/4&#8243;][vc_custom_heading text=&#8221;\u00c1guas do Nordeste &#8221; font_container=&#8221;tag:h4|text_align:center&#8221; use_theme_fonts=&#8221;yes&#8221;][\/vc_column][vc_column width=&#8221;1\/4&#8243;][vc_custom_heading text=&#8221;\u00c1guas do Porto &#8221; font_container=&#8221;tag:h4|text_align:center&#8221; use_theme_fonts=&#8221;yes&#8221;][\/vc_column][\/vc_row][vc_row][vc_column width=&#8221;1\/4&#8243;][vc_custom_heading text=&#8221;\u00c1guas de Gaia &#8221; font_container=&#8221;tag:h4|text_align:center&#8221; use_theme_fonts=&#8221;yes&#8221;][\/vc_column][vc_column width=&#8221;1\/4&#8243;][vc_custom_heading text=&#8221;Administra\u00e7\u00e3o dos Portos do Douro e Leix\u00f5es &#8221; font_container=&#8221;tag:h4|text_align:center&#8221; use_theme_fonts=&#8221;yes&#8221;][\/vc_column][vc_column width=&#8221;1\/4&#8243;][vc_custom_heading text=&#8221;Administra\u00e7\u00e3o do Porto de Viana [&hellip;]","og_url":"https:\/\/www.mc2e.pt\/en\/clients\/","og_site_name":"mc2e","article_modified_time":"2018-07-31T14:22:40+00:00","twitter_card":"summary_large_image","twitter_misc":{"Est. reading time":"4 minutes"},"schema":{"@context":"https:\/\/schema.org","@graph":[{"@type":"WebPage","@id":"https:\/\/www.mc2e.pt\/en\/clients\/","url":"https:\/\/www.mc2e.pt\/en\/clients\/","name":"Clients - mc2e","isPartOf":{"@id":"https:\/\/www.mc2e.pt\/#website"},"datePublished":"2016-08-30T19:28:23+00:00","dateModified":"2018-07-31T14:22:40+00:00","breadcrumb":{"@id":"https:\/\/www.mc2e.pt\/en\/clients\/#breadcrumb"},"inLanguage":"en-US","potentialAction":[{"@type":"ReadAction","target":["https:\/\/www.mc2e.pt\/en\/clients\/"]}]},{"@type":"BreadcrumbList","@id":"https:\/\/www.mc2e.pt\/en\/clients\/#breadcrumb","itemListElement":[{"@type":"ListItem","position":1,"name":"In\u00edcio","item":"https:\/\/www.mc2e.pt\/en\/"},{"@type":"ListItem","position":2,"name":"Clients"}]},{"@type":"WebSite","@id":"https:\/\/www.mc2e.pt\/#website","url":"https:\/\/www.mc2e.pt\/","name":"mc2e","description":"Consultores de Engenharia","potentialAction":[{"@type":"SearchAction","target":{"@type":"EntryPoint","urlTemplate":"https:\/\/www.mc2e.pt\/?s={search_term_string}"},"query-input":"required name=search_term_string"}],"inLanguage":"en-US"}]}},"_links":{"self":[{"href":"https:\/\/www.mc2e.pt\/en\/wp-json\/wp\/v2\/pages\/9460"}],"collection":[{"href":"https:\/\/www.mc2e.pt\/en\/wp-json\/wp\/v2\/pages"}],"about":[{"href":"https:\/\/www.mc2e.pt\/en\/wp-json\/wp\/v2\/types\/page"}],"author":[{"embeddable":true,"href":"https:\/\/www.mc2e.pt\/en\/wp-json\/wp\/v2\/users\/1"}],"replies":[{"embeddable":true,"href":"https:\/\/www.mc2e.pt\/en\/wp-json\/wp\/v2\/comments?post=9460"}],"version-history":[{"count":2,"href":"https:\/\/www.mc2e.pt\/en\/wp-json\/wp\/v2\/pages\/9460\/revisions"}],"predecessor-version":[{"id":9664,"href":"https:\/\/www.mc2e.pt\/en\/wp-json\/wp\/v2\/pages\/9460\/revisions\/9664"}],"wp:attachment":[{"href":"https:\/\/www.mc2e.pt\/en\/wp-json\/wp\/v2\/media?parent=9460"}],"curies":[{"name":"wp","href":"https:\/\/api.w.org\/{rel}","templated":true}]}}